{"id":1866,"date":"2021-12-21T13:35:19","date_gmt":"2021-12-21T13:35:19","guid":{"rendered":"http:\/\/www.esraitalia.it\/?post_type=dt_portfolio&#038;p=1866"},"modified":"2022-12-13T15:04:51","modified_gmt":"2022-12-13T15:04:51","slug":"5th-european-day-of-regional-anaesthesia","status":"publish","type":"dt_portfolio","link":"https:\/\/www.esraitalia.it\/index.php\/project\/5th-european-day-of-regional-anaesthesia\/","title":{"rendered":"5th European Day of Regional Anaesthesia"},"content":{"rendered":"<div class=\"wpb-content-wrapper\" id=\"wpb-content-root\"><p>[vc_row][vc_column]<div id=\"ultimate-heading-81086a9930f948b06\" class=\"uvc-heading ult-adjust-bottom-margin ultimate-heading-81086a9930f948b06 uvc-7321  uvc-heading-default-font-sizes\" data-hspacer=\"no_spacer\"  data-halign=\"left\" style=\"text-align:left\"><div class=\"uvc-heading-spacer no_spacer\" style=\"top\"><\/div><div class=\"uvc-main-heading ult-responsive\"  data-ultimate-target='.uvc-heading.ultimate-heading-81086a9930f948b06 h2'  data-responsive-json-new='{\"font-size\":\"\",\"line-height\":\"\"}' ><h2 style=\"--font-weight:theme;color:#f9325a;\">5th European Day of Regional Anaesthesia<\/h2><\/div><div class=\"uvc-sub-heading ult-responsive\"  data-ultimate-target='.uvc-heading.ultimate-heading-81086a9930f948b06 .uvc-sub-heading '  data-responsive-json-new='{\"font-size\":\"desktop:26px;\",\"line-height\":\"\"}'  style=\"font-weight:normal;color:#3c4bbc;margin-bottom:30px;\">Saturday 19 March 2022<\/p>\n<p><strong>Castellanza (VA): Humanitas Mater Domini<\/strong><\/p>\n<p><a href=\"https:\/\/ems.mzcongressi.com\/downloadDoc.php?ev=1866&amp;fn=5th_ESRA_Day_19-03-2022_-_CastellanzaA_132906210828154660.pdf\">Scarica il programma<\/a> ed<a href=\"https:\/\/ems.mzcongressi.com\/start\/1866\"> iscriviti qui <\/a><\/p>\n<p><strong>Parma: Azienda Ospedaliero-Universitaria di Parma<\/strong><\/p>\n<p><a href=\"https:\/\/ems.mzcongressi.com\/downloadDoc.php?ev=1877&amp;fn=5th_ESRA_Day_19-03-2022_-_ParmaA_132906207714719032.pdf\">Scarica il programma<\/a>\u00a0ed<a href=\"https:\/\/ems.mzcongressi.com\/start\/1877\"> iscriviti qui<\/a><\/p>\n<p><strong>Roma: Presidio Ospedaliero Santo Spirito In Sassia<\/strong><\/p>\n<p><a href=\"https:\/\/ems.mzcongressi.com\/downloadDoc.php?ev=1878&amp;fn=5th_ESRA_Day_19-03-2022_-_RomaA_132906208547676812.pdf\">Scarica il programma<\/a> ed<a href=\"https:\/\/ems.mzcongressi.com\/start\/1878\"> iscriviti qui<\/a><\/p>\n<p><strong>Civitanova Marche: Casa di Cura Villa Dei Pini<\/strong><\/p>\n<p><a href=\"https:\/\/ems.mzcongressi.com\/downloadDoc.php?ev=1876&amp;fn=5th_ESRA_Day_19-03-2022_-_Civitanova_MarcheE.pdf\">Scarica il programma <\/a>ed<a href=\"https:\/\/ems.mzcongressi.com\/start\/1876\"> iscriviti qui<\/a><\/p>\n<p><strong>Palermo: Ospedale Buccheri La Ferla<\/strong><\/p>\n<p><a href=\"https:\/\/ems.mzcongressi.com\/downloadDoc.php?ev=1879&amp;fn=5th_ESRA_Day_19-03-2022_-_PalermoO_132906209070597001.pdf\">Scarica il programma<\/a> ed<a href=\"https:\/\/ems.mzcongressi.com\/start\/1879\"> iscriviti qui<\/a><\/p>\n<p>&nbsp;<\/p>\n<p><strong>CREDITI ECM<\/strong><\/p>\n<p>Attestato Crediti ECM: MZ Events ID 966-<br \/>\nAll\u2019evento sono stati attribuiti 6,6 crediti ECM per le seguenti figure professionali: Medico Chirurgo disciplina Anestesia e Rianimazione.<br \/>\nL\u2019 Obiettivo formativo \u00e8 l\u2019applicazione nella pratica quotidiana dei principi e delle procedure dell\u2019Evidence Based Practiced (EBM &#8211; EBN &#8211; EBP).<br \/>\nRicordiamo che per avere diritto ai crediti formativi ECM \u00e8 obbligatorio:<br \/>\nfrequentare il totale delle ore di formazione, compilare il questionario di valutazione dell\u2019evento, sostenere e superare la prova di apprendimento online. Il certificato riportante<br \/>\ni crediti ECM sar\u00e0 generato direttamente online se il test avr\u00e0 esito positivo. Si avr\u00e0 a disposizione 1 tentativo per il quiz ECM<\/p>\n<p><strong>CONDIZIONI DI CANCELLAZIONE e RIMBORSI<\/strong><\/p>\n<p>Le cancellazioni devono essere inviate per iscritto a <a href=\"susanna.marisi@mzevents.it\">susanna.marisi@mzevents.it<\/a><\/p>\n<p>I partecipanti possono cancellare la loro iscrizione e chiedere il rimborso fino al 28 Febbraio 2022.<\/p>\n<p>L&#8217;importo pari al 50% della quota versata sar\u00e0 rimborsato per le cancellazioni ricevute entro il 3 Marzo 2022.<\/p>\n<p>Dopo il 3 Marzo 2022 non sar\u00e0 effettuato alcun rimborso.<\/div><\/div>[\/vc_column][\/vc_row]<\/p>\n<\/div>","protected":false},"excerpt":{"rendered":"<p>[vc_row][vc_column][\/vc_column][\/vc_row]<\/p>\n","protected":false},"author":1,"featured_media":1870,"comment_status":"closed","ping_status":"closed","template":"","dt_portfolio_category":[19,5],"dt_portfolio_tags":[],"class_list":["post-1866","dt_portfolio","type-dt_portfolio","status-publish","has-post-thumbnail","hentry","dt_portfolio_category-corsi-e-congressi","dt_portfolio_category-passati","dt_portfolio_category-19","dt_portfolio_category-5","description-off"],"aioseo_notices":[],"aioseo_head":"\n\t\t<!-- All in One SEO 5.0.0.1 - aioseo.com -->\n\t<meta name=\"description\" content=\"5th European Day of Regional AnaesthesiaSaturday 19 March 2022 Castellanza (VA): Humanitas Mater Domini Scarica il programma ed iscriviti qui Parma: Azienda Ospedaliero-Universitaria di Parma Scarica il programma ed iscriviti qui Roma: Presidio Ospedaliero Santo Spirito In Sassia Scarica il programma ed iscriviti qui Civitanova Marche: Casa di Cura Villa Dei Pini Scarica il programma ed\" \/>\n\t<meta name=\"robots\" content=\"max-image-preview:large\" \/>\n\t<meta name=\"author\" content=\"adminesra\"\/>\n\t<link rel=\"canonical\" href=\"https:\/\/www.esraitalia.it\/index.php\/project\/5th-european-day-of-regional-anaesthesia\/\" \/>\n\t<meta name=\"generator\" content=\"All in One SEO (AIOSEO) 5.0.0.1\" \/>\n\t\t<meta property=\"og:locale\" content=\"it_IT\" \/>\n\t\t<meta property=\"og:site_name\" content=\"ESRA ITALIA - Esra Italian Chapter\" \/>\n\t\t<meta property=\"og:type\" content=\"article\" \/>\n\t\t<meta property=\"og:title\" content=\"5th European Day of Regional Anaesthesia - ESRA ITALIA\" \/>\n\t\t<meta property=\"og:description\" content=\"5th European Day of Regional AnaesthesiaSaturday 19 March 2022 Castellanza (VA): Humanitas Mater Domini Scarica il programma ed iscriviti qui Parma: Azienda Ospedaliero-Universitaria di Parma Scarica il programma ed iscriviti qui Roma: Presidio Ospedaliero Santo Spirito In Sassia Scarica il programma ed iscriviti qui Civitanova Marche: Casa di Cura Villa Dei Pini Scarica il programma ed\" \/>\n\t\t<meta property=\"og:url\" content=\"https:\/\/www.esraitalia.it\/index.php\/project\/5th-european-day-of-regional-anaesthesia\/\" \/>\n\t\t<meta property=\"article:published_time\" content=\"2021-12-21T13:35:19+00:00\" \/>\n\t\t<meta property=\"article:modified_time\" content=\"2022-12-13T15:04:51+00:00\" \/>\n\t\t<meta name=\"twitter:card\" content=\"summary_large_image\" \/>\n\t\t<meta name=\"twitter:title\" content=\"5th European Day of Regional Anaesthesia - ESRA ITALIA\" \/>\n\t\t<meta name=\"twitter:description\" content=\"5th European Day of Regional AnaesthesiaSaturday 19 March 2022 Castellanza (VA): Humanitas Mater Domini Scarica il programma ed iscriviti qui Parma: Azienda Ospedaliero-Universitaria di Parma Scarica il programma ed iscriviti qui Roma: Presidio Ospedaliero Santo Spirito In Sassia Scarica il programma ed iscriviti qui Civitanova Marche: Casa di Cura Villa Dei Pini Scarica il programma ed\" \/>\n\t\t<script type=\"application\/ld+json\" class=\"aioseo-schema\">\n\t\t\t{\"@context\":\"https:\\\/\\\/schema.org\",\"@graph\":[{\"@type\":\"BreadcrumbList\",\"@id\":\"https:\\\/\\\/www.esraitalia.it\\\/index.php\\\/project\\\/5th-european-day-of-regional-anaesthesia\\\/#breadcrumblist\",\"itemListElement\":[{\"@type\":\"ListItem\",\"@id\":\"https:\\\/\\\/www.esraitalia.it#listItem\",\"position\":1,\"name\":\"Home\",\"item\":\"https:\\\/\\\/www.esraitalia.it\",\"nextItem\":{\"@type\":\"ListItem\",\"@id\":\"https:\\\/\\\/www.esraitalia.it\\\/index.php\\\/project\\\/#listItem\",\"name\":\"Portafoglio\"}},{\"@type\":\"ListItem\",\"@id\":\"https:\\\/\\\/www.esraitalia.it\\\/index.php\\\/project\\\/#listItem\",\"position\":2,\"name\":\"Portafoglio\",\"item\":\"https:\\\/\\\/www.esraitalia.it\\\/index.php\\\/project\\\/\",\"nextItem\":{\"@type\":\"ListItem\",\"@id\":\"https:\\\/\\\/www.esraitalia.it\\\/index.php\\\/project-category\\\/passati\\\/#listItem\",\"name\":\"Passati\"},\"previousItem\":{\"@type\":\"ListItem\",\"@id\":\"https:\\\/\\\/www.esraitalia.it#listItem\",\"name\":\"Home\"}},{\"@type\":\"ListItem\",\"@id\":\"https:\\\/\\\/www.esraitalia.it\\\/index.php\\\/project-category\\\/passati\\\/#listItem\",\"position\":3,\"name\":\"Passati\",\"item\":\"https:\\\/\\\/www.esraitalia.it\\\/index.php\\\/project-category\\\/passati\\\/\",\"nextItem\":{\"@type\":\"ListItem\",\"@id\":\"https:\\\/\\\/www.esraitalia.it\\\/index.php\\\/project\\\/5th-european-day-of-regional-anaesthesia\\\/#listItem\",\"name\":\"5th European Day of Regional Anaesthesia\"},\"previousItem\":{\"@type\":\"ListItem\",\"@id\":\"https:\\\/\\\/www.esraitalia.it\\\/index.php\\\/project\\\/#listItem\",\"name\":\"Portafoglio\"}},{\"@type\":\"ListItem\",\"@id\":\"https:\\\/\\\/www.esraitalia.it\\\/index.php\\\/project\\\/5th-european-day-of-regional-anaesthesia\\\/#listItem\",\"position\":4,\"name\":\"5th European Day of Regional Anaesthesia\",\"previousItem\":{\"@type\":\"ListItem\",\"@id\":\"https:\\\/\\\/www.esraitalia.it\\\/index.php\\\/project-category\\\/passati\\\/#listItem\",\"name\":\"Passati\"}}]},{\"@type\":\"Organization\",\"@id\":\"https:\\\/\\\/www.esraitalia.it\\\/#organization\",\"name\":\"ESRA ITALIA\",\"description\":\"Esra Italian Chapter\",\"url\":\"https:\\\/\\\/www.esraitalia.it\\\/\"},{\"@type\":\"Person\",\"@id\":\"https:\\\/\\\/www.esraitalia.it\\\/index.php\\\/author\\\/adminesra\\\/#author\",\"url\":\"https:\\\/\\\/www.esraitalia.it\\\/index.php\\\/author\\\/adminesra\\\/\",\"name\":\"adminesra\",\"image\":{\"@type\":\"ImageObject\",\"@id\":\"https:\\\/\\\/www.esraitalia.it\\\/index.php\\\/project\\\/5th-european-day-of-regional-anaesthesia\\\/#authorImage\",\"url\":\"https:\\\/\\\/secure.gravatar.com\\\/avatar\\\/8b15fdb79f760cef32a97dfe025d8b0a88f9d02e2da998ba43f94893264bada1?s=96&d=mm&r=g\",\"width\":96,\"height\":96,\"caption\":\"adminesra\"}},{\"@type\":\"WebPage\",\"@id\":\"https:\\\/\\\/www.esraitalia.it\\\/index.php\\\/project\\\/5th-european-day-of-regional-anaesthesia\\\/#webpage\",\"url\":\"https:\\\/\\\/www.esraitalia.it\\\/index.php\\\/project\\\/5th-european-day-of-regional-anaesthesia\\\/\",\"name\":\"5th European Day of Regional Anaesthesia - ESRA ITALIA\",\"description\":\"5th European Day of Regional AnaesthesiaSaturday 19 March 2022 Castellanza (VA): Humanitas Mater Domini Scarica il programma ed iscriviti qui Parma: Azienda Ospedaliero-Universitaria di Parma Scarica il programma ed iscriviti qui Roma: Presidio Ospedaliero Santo Spirito In Sassia Scarica il programma ed iscriviti qui Civitanova Marche: Casa di Cura Villa Dei Pini Scarica il programma ed\",\"inLanguage\":\"it-IT\",\"isPartOf\":{\"@id\":\"https:\\\/\\\/www.esraitalia.it\\\/#website\"},\"breadcrumb\":{\"@id\":\"https:\\\/\\\/www.esraitalia.it\\\/index.php\\\/project\\\/5th-european-day-of-regional-anaesthesia\\\/#breadcrumblist\"},\"author\":{\"@id\":\"https:\\\/\\\/www.esraitalia.it\\\/index.php\\\/author\\\/adminesra\\\/#author\"},\"creator\":{\"@id\":\"https:\\\/\\\/www.esraitalia.it\\\/index.php\\\/author\\\/adminesra\\\/#author\"},\"image\":{\"@type\":\"ImageObject\",\"url\":\"https:\\\/\\\/www.esraitalia.it\\\/wp-content\\\/uploads\\\/2021\\\/12\\\/5th-ESRA-Day-19-march-2022-scaled.jpg\",\"@id\":\"https:\\\/\\\/www.esraitalia.it\\\/index.php\\\/project\\\/5th-european-day-of-regional-anaesthesia\\\/#mainImage\",\"width\":1923,\"height\":2560},\"primaryImageOfPage\":{\"@id\":\"https:\\\/\\\/www.esraitalia.it\\\/index.php\\\/project\\\/5th-european-day-of-regional-anaesthesia\\\/#mainImage\"},\"datePublished\":\"2021-12-21T13:35:19+00:00\",\"dateModified\":\"2022-12-13T15:04:51+00:00\"},{\"@type\":\"WebSite\",\"@id\":\"https:\\\/\\\/www.esraitalia.it\\\/#website\",\"url\":\"https:\\\/\\\/www.esraitalia.it\\\/\",\"name\":\"ESRA ITALIA\",\"description\":\"Esra Italian Chapter\",\"inLanguage\":\"it-IT\",\"publisher\":{\"@id\":\"https:\\\/\\\/www.esraitalia.it\\\/#organization\"}}]}\n\t\t<\/script>\n\t\t<!-- All in One SEO -->\n\n","aioseo_head_json":{"title":"5th European Day of Regional Anaesthesia - ESRA ITALIA","description":"5th European Day of Regional AnaesthesiaSaturday 19 March 2022 Castellanza (VA): Humanitas Mater Domini Scarica il programma ed iscriviti qui Parma: Azienda Ospedaliero-Universitaria di Parma Scarica il programma ed iscriviti qui Roma: Presidio Ospedaliero Santo Spirito In Sassia Scarica il programma ed iscriviti qui Civitanova Marche: Casa di Cura Villa Dei Pini Scarica il programma ed","canonical_url":"https:\/\/www.esraitalia.it\/index.php\/project\/5th-european-day-of-regional-anaesthesia\/","robots":"max-image-preview:large","keywords":"","webmasterTools":{"miscellaneous":""},"schema":{"@context":"https:\/\/schema.org","@graph":[{"@type":"BreadcrumbList","@id":"https:\/\/www.esraitalia.it\/index.php\/project\/5th-european-day-of-regional-anaesthesia\/#breadcrumblist","itemListElement":[{"@type":"ListItem","@id":"https:\/\/www.esraitalia.it#listItem","position":1,"name":"Home","item":"https:\/\/www.esraitalia.it","nextItem":{"@type":"ListItem","@id":"https:\/\/www.esraitalia.it\/index.php\/project\/#listItem","name":"Portafoglio"}},{"@type":"ListItem","@id":"https:\/\/www.esraitalia.it\/index.php\/project\/#listItem","position":2,"name":"Portafoglio","item":"https:\/\/www.esraitalia.it\/index.php\/project\/","nextItem":{"@type":"ListItem","@id":"https:\/\/www.esraitalia.it\/index.php\/project-category\/passati\/#listItem","name":"Passati"},"previousItem":{"@type":"ListItem","@id":"https:\/\/www.esraitalia.it#listItem","name":"Home"}},{"@type":"ListItem","@id":"https:\/\/www.esraitalia.it\/index.php\/project-category\/passati\/#listItem","position":3,"name":"Passati","item":"https:\/\/www.esraitalia.it\/index.php\/project-category\/passati\/","nextItem":{"@type":"ListItem","@id":"https:\/\/www.esraitalia.it\/index.php\/project\/5th-european-day-of-regional-anaesthesia\/#listItem","name":"5th European Day of Regional Anaesthesia"},"previousItem":{"@type":"ListItem","@id":"https:\/\/www.esraitalia.it\/index.php\/project\/#listItem","name":"Portafoglio"}},{"@type":"ListItem","@id":"https:\/\/www.esraitalia.it\/index.php\/project\/5th-european-day-of-regional-anaesthesia\/#listItem","position":4,"name":"5th European Day of Regional Anaesthesia","previousItem":{"@type":"ListItem","@id":"https:\/\/www.esraitalia.it\/index.php\/project-category\/passati\/#listItem","name":"Passati"}}]},{"@type":"Organization","@id":"https:\/\/www.esraitalia.it\/#organization","name":"ESRA ITALIA","description":"Esra Italian Chapter","url":"https:\/\/www.esraitalia.it\/"},{"@type":"Person","@id":"https:\/\/www.esraitalia.it\/index.php\/author\/adminesra\/#author","url":"https:\/\/www.esraitalia.it\/index.php\/author\/adminesra\/","name":"adminesra","image":{"@type":"ImageObject","@id":"https:\/\/www.esraitalia.it\/index.php\/project\/5th-european-day-of-regional-anaesthesia\/#authorImage","url":"https:\/\/secure.gravatar.com\/avatar\/8b15fdb79f760cef32a97dfe025d8b0a88f9d02e2da998ba43f94893264bada1?s=96&d=mm&r=g","width":96,"height":96,"caption":"adminesra"}},{"@type":"WebPage","@id":"https:\/\/www.esraitalia.it\/index.php\/project\/5th-european-day-of-regional-anaesthesia\/#webpage","url":"https:\/\/www.esraitalia.it\/index.php\/project\/5th-european-day-of-regional-anaesthesia\/","name":"5th European Day of Regional Anaesthesia - ESRA ITALIA","description":"5th European Day of Regional AnaesthesiaSaturday 19 March 2022 Castellanza (VA): Humanitas Mater Domini Scarica il programma ed iscriviti qui Parma: Azienda Ospedaliero-Universitaria di Parma Scarica il programma ed iscriviti qui Roma: Presidio Ospedaliero Santo Spirito In Sassia Scarica il programma ed iscriviti qui Civitanova Marche: Casa di Cura Villa Dei Pini Scarica il programma ed","inLanguage":"it-IT","isPartOf":{"@id":"https:\/\/www.esraitalia.it\/#website"},"breadcrumb":{"@id":"https:\/\/www.esraitalia.it\/index.php\/project\/5th-european-day-of-regional-anaesthesia\/#breadcrumblist"},"author":{"@id":"https:\/\/www.esraitalia.it\/index.php\/author\/adminesra\/#author"},"creator":{"@id":"https:\/\/www.esraitalia.it\/index.php\/author\/adminesra\/#author"},"image":{"@type":"ImageObject","url":"https:\/\/www.esraitalia.it\/wp-content\/uploads\/2021\/12\/5th-ESRA-Day-19-march-2022-scaled.jpg","@id":"https:\/\/www.esraitalia.it\/index.php\/project\/5th-european-day-of-regional-anaesthesia\/#mainImage","width":1923,"height":2560},"primaryImageOfPage":{"@id":"https:\/\/www.esraitalia.it\/index.php\/project\/5th-european-day-of-regional-anaesthesia\/#mainImage"},"datePublished":"2021-12-21T13:35:19+00:00","dateModified":"2022-12-13T15:04:51+00:00"},{"@type":"WebSite","@id":"https:\/\/www.esraitalia.it\/#website","url":"https:\/\/www.esraitalia.it\/","name":"ESRA ITALIA","description":"Esra Italian Chapter","inLanguage":"it-IT","publisher":{"@id":"https:\/\/www.esraitalia.it\/#organization"}}]},"og:locale":"it_IT","og:site_name":"ESRA ITALIA - Esra Italian Chapter","og:type":"article","og:title":"5th European Day of Regional Anaesthesia - ESRA ITALIA","og:description":"5th European Day of Regional AnaesthesiaSaturday 19 March 2022 Castellanza (VA): Humanitas Mater Domini Scarica il programma ed iscriviti qui Parma: Azienda Ospedaliero-Universitaria di Parma Scarica il programma ed iscriviti qui Roma: Presidio Ospedaliero Santo Spirito In Sassia Scarica il programma ed iscriviti qui Civitanova Marche: Casa di Cura Villa Dei Pini Scarica il programma ed","og:url":"https:\/\/www.esraitalia.it\/index.php\/project\/5th-european-day-of-regional-anaesthesia\/","article:published_time":"2021-12-21T13:35:19+00:00","article:modified_time":"2022-12-13T15:04:51+00:00","twitter:card":"summary_large_image","twitter:title":"5th European Day of Regional Anaesthesia - ESRA ITALIA","twitter:description":"5th European Day of Regional AnaesthesiaSaturday 19 March 2022 Castellanza (VA): Humanitas Mater Domini Scarica il programma ed iscriviti qui Parma: Azienda Ospedaliero-Universitaria di Parma Scarica il programma ed iscriviti qui Roma: Presidio Ospedaliero Santo Spirito In Sassia Scarica il programma ed iscriviti qui Civitanova Marche: Casa di Cura Villa Dei Pini Scarica il programma ed"},"aioseo_meta_data":{"post_id":"1866","title":null,"description":null,"keywords":null,"keyphrases":null,"primary_term":null,"canonical_url":null,"og_title":null,"og_description":null,"og_object_type":"default","og_image_type":"default","og_image_url":null,"og_image_width":null,"og_image_height":null,"og_image_custom_url":null,"og_image_custom_fields":null,"og_video":null,"og_custom_url":null,"og_article_section":null,"og_article_tags":null,"twitter_use_og":false,"twitter_card":"default","twitter_image_type":"default","twitter_image_url":null,"twitter_image_custom_url":null,"twitter_image_custom_fields":null,"twitter_title":null,"twitter_description":null,"schema":{"blockGraphs":[],"customGraphs":[],"default":{"data":{"Article":[],"Course":[],"Dataset":[],"FAQPage":[],"Movie":[],"Person":[],"Product":[],"ProductReview":[],"Car":[],"Recipe":[],"Service":[],"SoftwareApplication":[],"WebPage":[]},"graphName":"","isEnabled":true},"graphs":[]},"schema_type":"default","schema_type_options":null,"pillar_content":false,"robots_default":true,"robots_noindex":false,"robots_noarchive":false,"robots_nosnippet":false,"robots_nofollow":false,"robots_noimageindex":false,"robots_noodp":false,"robots_notranslate":false,"robots_max_snippet":null,"robots_max_videopreview":null,"robots_max_imagepreview":"large","priority":null,"frequency":null,"local_seo":null,"breadcrumb_settings":null,"limit_modified_date":false,"ai":null,"created":"2023-11-17 14:56:27","updated":"2025-07-01 11:19:58","seo_analyzer_scan_date":null,"focus_keyword":null,"additional_keywords":null,"truseo_locale":null},"aioseo_breadcrumb":"<div class=\"aioseo-breadcrumbs\"><span class=\"aioseo-breadcrumb\">\n\t\t\t<a href=\"https:\/\/www.esraitalia.it\" title=\"Home\">Home<\/a>\n\t\t<\/span><span class=\"aioseo-breadcrumb-separator\">&raquo;<\/span><span class=\"aioseo-breadcrumb\">\n\t\t\t<a href=\"https:\/\/www.esraitalia.it\/index.php\/project\/\" title=\"Portafoglio\">Portafoglio<\/a>\n\t\t<\/span><span class=\"aioseo-breadcrumb-separator\">&raquo;<\/span><span class=\"aioseo-breadcrumb\">\n\t\t\t<a href=\"https:\/\/www.esraitalia.it\/index.php\/project-category\/passati\/\" title=\"Passati\">Passati<\/a>\n\t\t<\/span><span class=\"aioseo-breadcrumb-separator\">&raquo;<\/span><span class=\"aioseo-breadcrumb\">\n\t\t\t5th European Day of Regional Anaesthesia\n\t\t<\/span><\/div>","aioseo_breadcrumb_json":[{"label":"Home","link":"https:\/\/www.esraitalia.it"},{"label":"Portafoglio","link":"https:\/\/www.esraitalia.it\/index.php\/project\/"},{"label":"Passati","link":"https:\/\/www.esraitalia.it\/index.php\/project-category\/passati\/"},{"label":"5th European Day of Regional Anaesthesia","link":"https:\/\/www.esraitalia.it\/index.php\/project\/5th-european-day-of-regional-anaesthesia\/"}],"_links":{"self":[{"href":"https:\/\/www.esraitalia.it\/index.php\/wp-json\/wp\/v2\/dt_portfolio\/1866","targetHints":{"allow":["GET"]}}],"collection":[{"href":"https:\/\/www.esraitalia.it\/index.php\/wp-json\/wp\/v2\/dt_portfolio"}],"about":[{"href":"https:\/\/www.esraitalia.it\/index.php\/wp-json\/wp\/v2\/types\/dt_portfolio"}],"author":[{"embeddable":true,"href":"https:\/\/www.esraitalia.it\/index.php\/wp-json\/wp\/v2\/users\/1"}],"replies":[{"embeddable":true,"href":"https:\/\/www.esraitalia.it\/index.php\/wp-json\/wp\/v2\/comments?post=1866"}],"version-history":[{"count":5,"href":"https:\/\/www.esraitalia.it\/index.php\/wp-json\/wp\/v2\/dt_portfolio\/1866\/revisions"}],"predecessor-version":[{"id":2147,"href":"https:\/\/www.esraitalia.it\/index.php\/wp-json\/wp\/v2\/dt_portfolio\/1866\/revisions\/2147"}],"wp:featuredmedia":[{"embeddable":true,"href":"https:\/\/www.esraitalia.it\/index.php\/wp-json\/wp\/v2\/media\/1870"}],"wp:attachment":[{"href":"https:\/\/www.esraitalia.it\/index.php\/wp-json\/wp\/v2\/media?parent=1866"}],"wp:term":[{"taxonomy":"dt_portfolio_category","embeddable":true,"href":"https:\/\/www.esraitalia.it\/index.php\/wp-json\/wp\/v2\/dt_portfolio_category?post=1866"},{"taxonomy":"dt_portfolio_tags","embeddable":true,"href":"https:\/\/www.esraitalia.it\/index.php\/wp-json\/wp\/v2\/dt_portfolio_tags?post=1866"}],"curies":[{"name":"wp","href":"https:\/\/api.w.org\/{rel}","templated":true}]}}